{"id":34159,"date":"2024-05-28T21:34:58","date_gmt":"2024-05-28T19:34:58","guid":{"rendered":"https:\/\/chaletmontriond.ch\/?page_id=34159"},"modified":"2024-05-28T21:34:58","modified_gmt":"2024-05-28T19:34:58","slug":"retraite-yoga-en-connection-avec-la-nature-2","status":"publish","type":"page","link":"https:\/\/chaletmontriond.ch\/en\/retraite-yoga-en-connection-avec-la-nature-2\/","title":{"rendered":"Retraite Yoga en connection avec la nature"},"content":{"rendered":"<div class=\"wpb-content-wrapper\"><p>[vc_row][vc_column][vc_empty_space]<div class=\"thim-widget-heading template-default\"><div class=\"thim-sc-heading\" >\n\t\t<div class=\"article_heading \">\n\t\t\t<h2  class=\"heading_secondary\">Retraite Yoga en nature 24-26 mai<\/h2>\n\t\t\t<p class=\"heading_primary\"  >D\u00e9couvrez et r\u00e9servez<\/p>\n\t\t\t\n\t\t\t\n\t\t<\/div>\n\t<\/div><\/div>[vc_row_inner][vc_column_inner width=&#8221;1\/2&#8243;][vc_column_text css=&#8221;&#8221;]La retraite de yoga dans les paysages naturels des Dents du Midi est un bon moment pour nous tous de nous reconnecter \u00e0 la nature et \u00e0 notre corps (en \u00e9coutant les deux).<\/p>\n<p>Lorsque nous sommes entour\u00e9s par la nature, nos sens sont combl\u00e9s par l&#8217;odeur des fleurs, le chant des oiseaux et la vue \u00e9tonnante des reflets des montagnes dans les lacs, ce qui nous donne le meilleur des endroits pour pratiquer la conscience et le yoga.[\/vc_column_text][\/vc_column_inner][vc_column_inner width=&#8221;1\/2&#8243;][vc_single_image image=&#8221;33890&#8243; img_size=&#8221;medium&#8221; alignment=&#8221;center&#8221; css=&#8221;&#8221;][\/vc_column_inner][\/vc_row_inner][vc_empty_space][\/vc_column][\/vc_row][vc_row][vc_column][vc_tta_tabs][vc_tta_section i_icon_fontawesome=&#8221;fas fa-mountain&#8221; add_icon=&#8221;true&#8221; title=&#8221;Dates et base du cours&#8221; tab_id=&#8221;1715940616975-8829330d-ab5c&#8221;][vc_empty_space][vc_column_text css=&#8221;&#8221;]\n<table id=\"tablepress-3\" class=\"tablepress tablepress-id-3\">\n<thead>\n<tr class=\"row-1\">\n\t<td class=\"column-1\"><\/td><th class=\"column-2\"><strong>Date arriv\u00e9e<\/strong><\/th><th class=\"column-3\"><strong>Prix TTC<\/strong><\/th>\n<\/tr>\n<\/thead>\n<tbody class=\"row-striping row-hover\">\n<tr class=\"row-2\">\n\t<td class=\"column-1\"><a href=\"https:\/\/chaletmontriond.ch\/stage-yoga-preinscription\/\" class=\"mon-bouton\">S'INSCRIRE<\/a><br \/>\n<\/td><td class=\"column-2\">16\/08\/2024<\/td><td class=\"column-3\">d\u00e8s 324 CHF<\/td>\n<\/tr>\n<tr class=\"row-3\">\n\t<td class=\"column-1\"><a href=\"https:\/\/chaletmontriond.ch\/stage-yoga-preinscription\/\" class=\"mon-bouton\">S'INSCRIRE<\/a><br \/>\n<\/td><td class=\"column-2\">20\/09\/2024<\/td><td class=\"column-3\">d\u00e8s 324 CHF<\/td>\n<\/tr>\n<\/tbody>\n<\/table>\n<!-- #tablepress-3 from cache -->[\/vc_column_text][vc_row_inner][vc_column_inner width=&#8221;1\/2&#8243;][vc_column_text css=&#8221;&#8221;]La terre, l&#8217;air, le feu, l&#8217;eau et l&#8217;\u00e9ther sont les \u00e9l\u00e9ments d&#8217;une th\u00e9orie universelle de la cr\u00e9ation qui fait partie de nombreuses pratiques anciennes et philosophies orientales depuis des mill\u00e9naires. De nombreuses pratiques traditionnelles de yoga se concentrent sur l&#8217;\u00e9quilibre des cinq \u00e9l\u00e9ments de la nature en nous (pour plus d&#8217;informations sur les pratiques de yoga des 5 \u00e9l\u00e9ments.<\/p>\n<p>Comme nous allons pratiquer le yoga dans la nature, c&#8217;est l&#8217;endroit id\u00e9al pour \u00eatre reconnaissant envers les diff\u00e9rents \u00e9l\u00e9ments que la nature nous offre. Pendant notre retraite, nous pratiquerons 5 cours de yoga diff\u00e9rents, chacun d&#8217;entre eux \u00e9tant ax\u00e9 sur l&#8217;un des \u00e9l\u00e9ments mentionn\u00e9s ci-dessus.<\/p>\n<p>Les cours comprendront 45 minutes d&#8217;exercices doux suivis de 15 minutes de m\u00e9ditation finale (vous permettant d&#8217;explorer les sensations de votre corps et de votre esprit apr\u00e8s chaque pratique).[\/vc_column_text][\/vc_column_inner][vc_column_inner width=&#8221;1\/2&#8243;][vc_single_image image=&#8221;33867&#8243; img_size=&#8221;full&#8221; alignment=&#8221;center&#8221; css=&#8221;&#8221;][\/vc_column_inner][\/vc_row_inner][\/vc_tta_section][vc_tta_section i_icon_fontawesome=&#8221;fas fa-tasks&#8221; add_icon=&#8221;true&#8221; title=&#8221;Le Programme&#8221; tab_id=&#8221;1715939264702-6fd4b313-fd3d&#8221;][vc_column_text css=&#8221;&#8221;]Vendredi :<br \/>\n18h00-19h00 : Arriv\u00e9e et th\u00e9<br \/>\n19h00-20h00 : Cours de yoga doux (base solide : jambes)\/ TERRE<br \/>\n20h30-21h30 : D\u00eener<br \/>\n21:30-22:30 : Temps libre<\/p>\n<p>Samedi :<br \/>\n08h00-09h00 : Yoga du matin (ouverture des hanches)\/ EAU<br \/>\n09h00-09h30 : Petit d\u00e9jeuner<br \/>\n09h30-11h30 : Randonn\u00e9e avec le Multipass<br \/>\n11h30-12h30 : Yoga dans la nature : Ouverture de la poitrine\/ FEU<br \/>\n12h30-13h30 : D\u00e9jeuner (pique-nique)<br \/>\n13h30-14h30 : Temps libre dans la nature, endroit idyllique pour faire de la m\u00e9ditation, sauna, marcher ou m\u00eame faire une sieste.<br \/>\nou m\u00eame faire une sieste<br \/>\n14h30-18h00 : Randonn\u00e9e de retour<br \/>\n18h00-19h00 : Yoga (poumons)\/ AIR<br \/>\n19h30-20h30 : D\u00eener<br \/>\n20h30-22h30 : Temps libre<\/p>\n<p>Dimanche :<br \/>\n08h00-09h00 : Yoga matinal Etirements lat\u00e9raux \/ ETHER<br \/>\n09h00-09h30 : Petit d\u00e9jeuner<br \/>\n09h30-10h00 : D\u00e9part<br \/>\n10h00-12h30 : Randonn\u00e9e (\u00e0 d\u00e9finir)<br \/>\n12h30-13h30 : D\u00e9jeuner (pique-nique)<br \/>\n13h30-14h30 : Temps libre pour m\u00e9diter, Sauna, marcher ou m\u00eame faire une sieste<br \/>\n14h30-15h00 : Discussion finale et bye bye[\/vc_column_text][\/vc_tta_section][vc_tta_section i_icon_fontawesome=&#8221;fas fa-info&#8221; add_icon=&#8221;true&#8221; title=&#8221;Informations pratiques&#8221; tab_id=&#8221;1715939256210-30ddac66-78cd&#8221;][vc_column_text css=&#8221;&#8221;]<\/p>\n<h2>Nourriture<\/h2>\n<p>La nourriture sera saine et simple.<br \/>\nPetit-d\u00e9jeuner : caf\u00e9\/th\u00e9\/jus de fruits\/ pain et croissants avec<br \/>\npain et croissants avec miel, confiture, beurre&#8230;<br \/>\n-D\u00e9jeuner : Nous prendrons des pique-niques et<br \/>\npique-niques et d\u00e9jeunerons en profitant de la<br \/>\nvue sur les montagnes.<br \/>\n-D\u00eener : Nous prendrons des d\u00eeners \u00e0 3 plats au restaurant de l&#8217;h\u00f4tel.<br \/>\nau restaurant de l&#8217;h\u00f4tel<br \/>\nVeuillez me faire savoir si vous avez des pr\u00e9f\u00e9rences alimentaires (v\u00e9g\u00e9taliennes\/v\u00e9g\u00e9tariennes) ou si vous \u00eates allergique \u00e0 quelque chose.<br \/>\npr\u00e9f\u00e9rences alimentaires (v\u00e9g\u00e9talien\/v\u00e9g\u00e9tarien) ou si vous \u00eates allergique \u00e0 quelque chose.<\/p>\n<h2>Prix :<\/h2>\n<p>Les prix comprennent 5 cours de yoga et l&#8217;h\u00e9bergement complet avec les repas du vendredi<br \/>\njusqu&#8217;au d\u00e9jeuner du dimanche. Le prix final est bas\u00e9 sur le type de chambre :<br \/>\n308 CHF pour une chambre de 3 ou 4 personnes<br \/>\n334 CHF pour une chambre double<br \/>\n374 CHF pour une chambre simple<\/p>\n<p><strong>R\u00e9servez votre place :<\/strong><\/p>\n<p>Le nombre de participants \u00e0 cette retraite est limit\u00e9, si vous \u00eates parmi les premiers \u00e0 vous inscrire, vous recevrez une confirmation de votre participation.<br \/>\nSi vous \u00eates parmi les premiers \u00e0 vous inscrire, vous recevrez une confirmation de votre participation.[\/vc_column_text][\/vc_tta_section][vc_tta_section i_icon_fontawesome=&#8221;fas fa-plus-circle&#8221; add_icon=&#8221;true&#8221; title=&#8221;Service compl\u00e9mentaire&#8221; tab_id=&#8221;1715939267816-58df2419-163d&#8221;][vc_column_text css=&#8221;&#8221;]<\/p>\n<div id=\"services-plus\" class=\"product__tab tab--active\">\n<div class=\"container\">\n<div class=\"product__tabs--text\">\n<h2 id=\"services-plus__hebergement-individuel\" class=\"product__tabs__subtitle heading-400\">H\u00e9bergement individuel<\/h2>\n<p>Vous pouvez opter pour un h\u00e9bergement individuel :<br \/>\n\u2014 Chambre individuelle pour les nuits \u00e0 l\u2019h\u00f4tel uniquement (non disponible en g\u00eete, refuge et chez l\u2019habitant).<\/p>\n<ul>\n<li>Chambre individuelle + 50 CHF<\/li>\n<\/ul>\n<h2 id=\"services-plus__prolongez-votre-voyage\" class=\"product__tabs__subtitle heading-800\">Prolongez votre voyage<\/h2>\n<h3 id=\"services-plus__nuits-supplementaires\" class=\"product__tabs__subtitle heading-400\">Nuits suppl\u00e9mentaires<\/h3>\n<p>Vous pouvez r\u00e9server des nuits suppl\u00e9mentaires avant ou apr\u00e8s votre voyage.<\/p>\n<p>&nbsp;<\/p>\n<\/div>\n<\/div>\n<\/div>\n<p>[\/vc_column_text][\/vc_tta_section][\/vc_tta_tabs][vc_column_text][\/vc_column_text][\/vc_column][\/vc_row][vc_row][vc_column][vc_column_text][\/vc_column_text][\/vc_column][\/vc_row]<\/p>\n<\/div>","protected":false},"excerpt":{"rendered":"<p>[vc_row][vc_column][vc_empty_space][vc_row_inner][vc_column_inner width=&#8221;1\/2&#8243;][vc_column_text css=&#8221;&#8221;]La retraite de yoga dans les paysages naturels des Dents du Midi est un bon moment pour nous tous de nous reconnecter \u00e0 la nature et \u00e0 notre corps (en \u00e9coutant les deux). Lorsque nous sommes entour\u00e9s par la nature, nos sens sont combl\u00e9s par l&#8217;odeur des fleurs,&#8230;<\/p>\n","protected":false},"author":1,"featured_media":0,"parent":0,"menu_order":0,"comment_status":"closed","ping_status":"closed","template":"templates\/home-page.php","meta":{"rs_blank_template":"","rs_page_bg_color":"","slide_template_v7":"","footnotes":""},"class_list":["post-34159","page","type-page","status-publish","hentry"],"yoast_head":"<!-- This site is optimized with the Yoast SEO plugin v26.0 - https:\/\/yoast.com\/wordpress\/plugins\/seo\/ -->\n<title>Retraite Yoga en connection avec la nature - Chalet Montriond<\/title>\n<meta name=\"robots\" content=\"index, follow, max-snippet:-1, max-image-preview:large, max-video-preview:-1\" \/>\n<link rel=\"canonical\" href=\"https:\/\/chaletmontriond.ch\/en\/retraite-yoga-en-connection-avec-la-nature-2\/\" \/>\n<meta property=\"og:locale\" content=\"en_US\" \/>\n<meta property=\"og:type\" content=\"article\" \/>\n<meta property=\"og:title\" content=\"Retraite Yoga en connection avec la nature - Chalet Montriond\" \/>\n<meta property=\"og:description\" content=\"[vc_row][vc_column][vc_empty_space][vc_row_inner][vc_column_inner width=&#8221;1\/2&#8243;][vc_column_text css=&#8221;&#8221;]La retraite de yoga dans les paysages naturels des Dents du Midi est un bon moment pour nous tous de nous reconnecter \u00e0 la nature et \u00e0 notre corps (en \u00e9coutant les deux). Lorsque nous sommes entour\u00e9s par la nature, nos sens sont combl\u00e9s par l&#8217;odeur des fleurs,...\" \/>\n<meta property=\"og:url\" content=\"https:\/\/chaletmontriond.ch\/en\/retraite-yoga-en-connection-avec-la-nature-2\/\" \/>\n<meta property=\"og:site_name\" content=\"Chalet Montriond\" \/>\n<meta property=\"article:publisher\" content=\"https:\/\/www.facebook.com\/chaletmontriond\/\" \/>\n<meta name=\"twitter:card\" content=\"summary_large_image\" \/>\n<meta name=\"twitter:label1\" content=\"Est. reading time\" \/>\n\t<meta name=\"twitter:data1\" content=\"5 minutes\" \/>\n<script type=\"application\/ld+json\" class=\"yoast-schema-graph\">{\"@context\":\"https:\/\/schema.org\",\"@graph\":[{\"@type\":\"WebPage\",\"@id\":\"https:\/\/chaletmontriond.ch\/en\/retraite-yoga-en-connection-avec-la-nature-2\/\",\"url\":\"https:\/\/chaletmontriond.ch\/en\/retraite-yoga-en-connection-avec-la-nature-2\/\",\"name\":\"Retraite Yoga en connection avec la nature - Chalet Montriond\",\"isPartOf\":{\"@id\":\"https:\/\/chaletmontriond.ch\/en\/#website\"},\"datePublished\":\"2024-05-28T19:34:58+00:00\",\"breadcrumb\":{\"@id\":\"https:\/\/chaletmontriond.ch\/en\/retraite-yoga-en-connection-avec-la-nature-2\/#breadcrumb\"},\"inLanguage\":\"en-US\",\"potentialAction\":[{\"@type\":\"ReadAction\",\"target\":[\"https:\/\/chaletmontriond.ch\/en\/retraite-yoga-en-connection-avec-la-nature-2\/\"]}]},{\"@type\":\"BreadcrumbList\",\"@id\":\"https:\/\/chaletmontriond.ch\/en\/retraite-yoga-en-connection-avec-la-nature-2\/#breadcrumb\",\"itemListElement\":[{\"@type\":\"ListItem\",\"position\":1,\"name\":\"Home\",\"item\":\"https:\/\/chaletmontriond.ch\/en\/\"},{\"@type\":\"ListItem\",\"position\":2,\"name\":\"Retraite Yoga en connection avec la nature\"}]},{\"@type\":\"WebSite\",\"@id\":\"https:\/\/chaletmontriond.ch\/en\/#website\",\"url\":\"https:\/\/chaletmontriond.ch\/en\/\",\"name\":\"Chalet Montriond\",\"description\":\"test chalet montriond\",\"publisher\":{\"@id\":\"https:\/\/chaletmontriond.ch\/en\/#organization\"},\"potentialAction\":[{\"@type\":\"SearchAction\",\"target\":{\"@type\":\"EntryPoint\",\"urlTemplate\":\"https:\/\/chaletmontriond.ch\/en\/?s={search_term_string}\"},\"query-input\":{\"@type\":\"PropertyValueSpecification\",\"valueRequired\":true,\"valueName\":\"search_term_string\"}}],\"inLanguage\":\"en-US\"},{\"@type\":\"Organization\",\"@id\":\"https:\/\/chaletmontriond.ch\/en\/#organization\",\"name\":\"Chalet Montriond\",\"url\":\"https:\/\/chaletmontriond.ch\/en\/\",\"logo\":{\"@type\":\"ImageObject\",\"inLanguage\":\"en-US\",\"@id\":\"https:\/\/chaletmontriond.ch\/en\/#\/schema\/logo\/image\/\",\"url\":\"https:\/\/chaletmontriond.ch\/wp-content\/uploads\/2016\/10\/cropped-Logo-Montriond-AF-1.png\",\"contentUrl\":\"https:\/\/chaletmontriond.ch\/wp-content\/uploads\/2016\/10\/cropped-Logo-Montriond-AF-1.png\",\"width\":512,\"height\":512,\"caption\":\"Chalet Montriond\"},\"image\":{\"@id\":\"https:\/\/chaletmontriond.ch\/en\/#\/schema\/logo\/image\/\"},\"sameAs\":[\"https:\/\/www.facebook.com\/chaletmontriond\/\",\"https:\/\/www.instagram.com\/hotel_chalet_montriond\/\"]}]}<\/script>\n<!-- \/ Yoast SEO plugin. -->","yoast_head_json":{"title":"Retraite Yoga en connection avec la nature - Chalet Montriond","robots":{"index":"index","follow":"follow","max-snippet":"max-snippet:-1","max-image-preview":"max-image-preview:large","max-video-preview":"max-video-preview:-1"},"canonical":"https:\/\/chaletmontriond.ch\/en\/retraite-yoga-en-connection-avec-la-nature-2\/","og_locale":"en_US","og_type":"article","og_title":"Retraite Yoga en connection avec la nature - Chalet Montriond","og_description":"[vc_row][vc_column][vc_empty_space][vc_row_inner][vc_column_inner width=&#8221;1\/2&#8243;][vc_column_text css=&#8221;&#8221;]La retraite de yoga dans les paysages naturels des Dents du Midi est un bon moment pour nous tous de nous reconnecter \u00e0 la nature et \u00e0 notre corps (en \u00e9coutant les deux). Lorsque nous sommes entour\u00e9s par la nature, nos sens sont combl\u00e9s par l&#8217;odeur des fleurs,...","og_url":"https:\/\/chaletmontriond.ch\/en\/retraite-yoga-en-connection-avec-la-nature-2\/","og_site_name":"Chalet Montriond","article_publisher":"https:\/\/www.facebook.com\/chaletmontriond\/","twitter_card":"summary_large_image","twitter_misc":{"Est. reading time":"5 minutes"},"schema":{"@context":"https:\/\/schema.org","@graph":[{"@type":"WebPage","@id":"https:\/\/chaletmontriond.ch\/en\/retraite-yoga-en-connection-avec-la-nature-2\/","url":"https:\/\/chaletmontriond.ch\/en\/retraite-yoga-en-connection-avec-la-nature-2\/","name":"Retraite Yoga en connection avec la nature - Chalet Montriond","isPartOf":{"@id":"https:\/\/chaletmontriond.ch\/en\/#website"},"datePublished":"2024-05-28T19:34:58+00:00","breadcrumb":{"@id":"https:\/\/chaletmontriond.ch\/en\/retraite-yoga-en-connection-avec-la-nature-2\/#breadcrumb"},"inLanguage":"en-US","potentialAction":[{"@type":"ReadAction","target":["https:\/\/chaletmontriond.ch\/en\/retraite-yoga-en-connection-avec-la-nature-2\/"]}]},{"@type":"BreadcrumbList","@id":"https:\/\/chaletmontriond.ch\/en\/retraite-yoga-en-connection-avec-la-nature-2\/#breadcrumb","itemListElement":[{"@type":"ListItem","position":1,"name":"Home","item":"https:\/\/chaletmontriond.ch\/en\/"},{"@type":"ListItem","position":2,"name":"Retraite Yoga en connection avec la nature"}]},{"@type":"WebSite","@id":"https:\/\/chaletmontriond.ch\/en\/#website","url":"https:\/\/chaletmontriond.ch\/en\/","name":"Chalet Montriond","description":"test chalet montriond","publisher":{"@id":"https:\/\/chaletmontriond.ch\/en\/#organization"},"potentialAction":[{"@type":"SearchAction","target":{"@type":"EntryPoint","urlTemplate":"https:\/\/chaletmontriond.ch\/en\/?s={search_term_string}"},"query-input":{"@type":"PropertyValueSpecification","valueRequired":true,"valueName":"search_term_string"}}],"inLanguage":"en-US"},{"@type":"Organization","@id":"https:\/\/chaletmontriond.ch\/en\/#organization","name":"Chalet Montriond","url":"https:\/\/chaletmontriond.ch\/en\/","logo":{"@type":"ImageObject","inLanguage":"en-US","@id":"https:\/\/chaletmontriond.ch\/en\/#\/schema\/logo\/image\/","url":"https:\/\/chaletmontriond.ch\/wp-content\/uploads\/2016\/10\/cropped-Logo-Montriond-AF-1.png","contentUrl":"https:\/\/chaletmontriond.ch\/wp-content\/uploads\/2016\/10\/cropped-Logo-Montriond-AF-1.png","width":512,"height":512,"caption":"Chalet Montriond"},"image":{"@id":"https:\/\/chaletmontriond.ch\/en\/#\/schema\/logo\/image\/"},"sameAs":["https:\/\/www.facebook.com\/chaletmontriond\/","https:\/\/www.instagram.com\/hotel_chalet_montriond\/"]}]}},"_links":{"self":[{"href":"https:\/\/chaletmontriond.ch\/en\/wp-json\/wp\/v2\/pages\/34159","targetHints":{"allow":["GET"]}}],"collection":[{"href":"https:\/\/chaletmontriond.ch\/en\/wp-json\/wp\/v2\/pages"}],"about":[{"href":"https:\/\/chaletmontriond.ch\/en\/wp-json\/wp\/v2\/types\/page"}],"author":[{"embeddable":true,"href":"https:\/\/chaletmontriond.ch\/en\/wp-json\/wp\/v2\/users\/1"}],"replies":[{"embeddable":true,"href":"https:\/\/chaletmontriond.ch\/en\/wp-json\/wp\/v2\/comments?post=34159"}],"version-history":[{"count":1,"href":"https:\/\/chaletmontriond.ch\/en\/wp-json\/wp\/v2\/pages\/34159\/revisions"}],"predecessor-version":[{"id":34160,"href":"https:\/\/chaletmontriond.ch\/en\/wp-json\/wp\/v2\/pages\/34159\/revisions\/34160"}],"wp:attachment":[{"href":"https:\/\/chaletmontriond.ch\/en\/wp-json\/wp\/v2\/media?parent=34159"}],"curies":[{"name":"wp","href":"https:\/\/api.w.org\/{rel}","templated":true}]}}